{"id":713,"date":"2017-08-18T09:55:15","date_gmt":"2017-08-18T07:55:15","guid":{"rendered":"https:\/\/siteproxy.ruqli.workers.dev:443\/https\/grand-angle.lavenir.net\/generations-solidaires\/?page_id=713"},"modified":"2018-01-09T13:53:51","modified_gmt":"2018-01-09T12:53:51","slug":"laureats-2017","status":"publish","type":"page","link":"https:\/\/siteproxy.ruqli.workers.dev:443\/https\/www.generations-solidaires.be\/laureats-2017\/","title":{"rendered":"Laur\u00e9ats 2017"},"content":{"rendered":"<p><div class=\"fusion-fullwidth fullwidth-box fusion-builder-row-1 nonhundred-percent-fullwidth non-hundred-percent-height-scrolling\" style=\"--awb-border-radius-top-left:0px;--awb-border-radius-top-right:0px;--awb-border-radius-bottom-right:0px;--awb-border-radius-bottom-left:0px;--awb-padding-bottom:0px;--awb-flex-wrap:wrap;\" ><div class=\"fusion-builder-row fusion-row\"><div class=\"fusion-layout-column fusion_builder_column fusion-builder-column-0 fusion_builder_column_1_1 1_1 fusion-one-full fusion-column-first fusion-column-last\" style=\"--awb-padding-bottom:0px;--awb-bg-size:cover;\"><div class=\"fusion-column-wrapper fusion-flex-column-wrapper-legacy\"><div class=\"fusion-text fusion-text-1\"><p style=\"text-align: left;\">La premi\u00e8re \u00e9dition de l\u2019appel \u00e0 projets G\u00e9n\u00e9rations Solidaires a connu une magnifique participation\u00a0! Nous avons re\u00e7u 149 dossiers de candidature dont 122 \u00e9ligibles selon nos crit\u00e8res de s\u00e9lection. Un tel engouement d\u00e9montre un engagement fort de nombreux citoyens en faveur de plus de solidarit\u00e9.<br \/>\nUn jury ind\u00e9pendant a retenu dix projets solidaires et s\u00e9lectionn\u00e9 3 laur\u00e9ats en tenant compte du vote du public. D\u00e9couvrez ces citoyens qui se mobilisent au quotidien pour plus de solidarit\u00e9 dans les 10 vid\u00e9os ci-dessous et le reportage lors de <a href=\"https:\/\/siteproxy.ruqli.workers.dev:443\/https\/www.lavenir.net\/cnt\/DMF20170619_01020967\" target=\"_blank\" rel=\"noopener\">la remise des prix<\/a> le 19 juin 2017 \u00e0 Namur.<\/p>\n<\/div><div class=\"fusion-text fusion-text-2\"><p style=\"text-align: center;\"><strong>La vid\u00e9o compl\u00e8te de la remise des prix avec l\u2019interview de la directrice de la Fondation Roi Baudouin et de Zo\u00e9 Vie.<\/strong><\/p>\n<\/div> <video width=\"960\" height=\"540\" poster=\"https:\/\/siteproxy.ruqli.workers.dev:443\/http\/tech.lavenir.net\/webdoc\/generations-solidaires\/wp-content\/uploads\/sites\/6\/2017\/10\/cover-video.png\" controls>\n  <source src=\"https:\/\/siteproxy.ruqli.workers.dev:443\/http\/www.lavenir.net\/extra\/content\/video\/Generations-solidaires-2017.mp4\" type=\"video\/mp4\">\n<\/video> <div class=\"fusion-text fusion-text-3\"><h1><span style=\"color: #ed1066;\">Les trois laur\u00e9ats 2017<\/span><\/h1>\n<hr style=\"color: #ed1066; border-color: #ed1066; background-color: #ed1066;\" \/>\n<\/div><div class=\"fusion-clearfix\"><\/div><\/div><\/div><div class=\"fusion-layout-column fusion_builder_column fusion-builder-column-1 fusion_builder_column_1_3 1_3 fusion-one-third fusion-column-first\" style=\"--awb-bg-size:cover;width:33.3333333333%;width:calc(33.3333333333% - ( ( 0% + 0% ) * 0.333333333333 ) );margin-right: 0%;\"><div class=\"fusion-column-wrapper fusion-flex-column-wrapper-legacy\"><figure class=\"effect-layla\">\n        <img decoding=\"async\" src=\"https:\/\/siteproxy.ruqli.workers.dev:443\/https\/avecdn.akamaized.net\/Assets\/Images_Upload\/actu24\/2017\/06\/18\/becb335d-5b25-4131-90b2-e3c8dc9708e6_original.jpg\">\n        <figcaption>\n          <h2>Prix G\u00e9n\u00e9rations solidaires :<br \/> Les amis de Zo\u00e9  <\/h2>\n          <a href=\"#\" class=\"fusion-modal-text-link\" data-toggle=\"modal\" data-target=\".fusion-modal.modal-zoe\">Consulter<\/a> \n        <\/figcaption>\n      <\/figure><div class=\"fusion-modal modal fade modal-1 modal-zoe\" tabindex=\"-1\" role=\"dialog\" aria-labelledby=\"modal-heading-1\" aria-hidden=\"true\" style=\"--awb-border-color:#ebebeb;--awb-background:#f6f6f6;\"><div class=\"modal-dialog modal-lg\" role=\"document\"><div class=\"modal-content fusion-modal-content\"><div class=\"modal-header\"><button class=\"close\" type=\"button\" data-dismiss=\"modal\" aria-hidden=\"true\" aria-label=\"Close\">&times;<\/button><h3 class=\"modal-title\" id=\"modal-heading-1\" data-dismiss=\"modal\" aria-hidden=\"true\">Les trois projets laur\u00e9ats r\u00e9compens\u00e9s <\/h3><\/div><div class=\"modal-body fusion-clearfix\">\n<h2>Prix G\u00e9n\u00e9rations solidaires<\/h2>\n<p>Les Z\u2019amis de Zo\u00e9 ont re\u00e7u le Prix G\u00e9n\u00e9rations solidaires (10.000 euros) remis par Eric Schonbrodt (Pr\u00e9sident de l\u2019ASBL G\u00e9n\u00e9rations solidaires) et Ingrid Bauwens (VOO\/BeTV) pour le projet Centre Zo\u00e9\u2019Vie.<\/p>\n<div style=\"width: 1100px;\" class=\"wp-video\"><video class=\"wp-video-shortcode\" id=\"video-713-1\" width=\"1100\" height=\"619\" preload=\"metadata\" controls=\"controls\"><source type=\"video\/mp4\" src=\"https:\/\/siteproxy.ruqli.workers.dev:443\/https\/www.generations-solidaires.be\/wp-content\/uploads\/sites\/6\/2017\/08\/gs-zoevie.mp4?_=1\" \/><a href=\"https:\/\/siteproxy.ruqli.workers.dev:443\/https\/www.generations-solidaires.be\/wp-content\/uploads\/sites\/6\/2017\/08\/gs-zoevie.mp4\">https:\/\/siteproxy.ruqli.workers.dev:443\/https\/www.generations-solidaires.be\/wp-content\/uploads\/sites\/6\/2017\/08\/gs-zoevie.mp4<\/a><\/video><\/div>\n<\/div><\/div><\/div><\/div><div class=\"fusion-button-wrapper\"><a class=\"fusion-button button-flat fusion-button-default-size button-default fusion-button-default button-1 fusion-button-default-span fusion-button-default-type\" target=\"_blank\" rel=\"noopener noreferrer\" href=\"https:\/\/siteproxy.ruqli.workers.dev:443\/https\/www.lavenir.net\/cnt\/dmf20170618_01019968\/un-retour-aux-sources-pour-toutes-les-generations\"><span class=\"fusion-button-text awb-button__text awb-button__text--default\">Voir notre reportage<\/span><\/a><\/div><div class=\"fusion-clearfix\"><\/div><\/div><\/div><div class=\"fusion-layout-column fusion_builder_column fusion-builder-column-2 fusion_builder_column_1_3 1_3 fusion-one-third\" style=\"--awb-bg-size:cover;width:33.3333333333%;width:calc(33.3333333333% - ( ( 0% + 0% ) * 0.333333333333 ) );margin-right: 0%;\"><div class=\"fusion-column-wrapper fusion-flex-column-wrapper-legacy\"><figure class=\"effect-layla\">\n        <img decoding=\"async\" src=\"https:\/\/siteproxy.ruqli.workers.dev:443\/https\/avecdn.akamaized.net\/Assets\/Images_Upload\/actu24\/2017\/06\/15\/004a7e2a-be8b-4eda-97f7-f1d9943e730f_web_.jpg\">\n        <figcaption>\n          <h2>Prix Coup de c\u0153ur :<br \/> Atelier v\u00e9lo au centre de r\u00e9fugi\u00e9s de Belgrade  <\/h2>\n          <a href=\"#\" class=\"fusion-modal-text-link\" data-toggle=\"modal\" data-target=\".fusion-modal.modal-velo\">Consulter<\/a> \n        <\/figcaption>\n      <\/figure><div class=\"fusion-modal modal fade modal-2 modal-velo\" tabindex=\"-1\" role=\"dialog\" aria-labelledby=\"modal-heading-2\" aria-hidden=\"true\" style=\"--awb-border-color:#ebebeb;--awb-background:#f6f6f6;\"><div class=\"modal-dialog modal-lg\" role=\"document\"><div class=\"modal-content fusion-modal-content\"><div class=\"modal-header\"><button class=\"close\" type=\"button\" data-dismiss=\"modal\" aria-hidden=\"true\" aria-label=\"Close\">&times;<\/button><h3 class=\"modal-title\" id=\"modal-heading-2\" data-dismiss=\"modal\" aria-hidden=\"true\">Les trois projets laur\u00e9ats r\u00e9compens\u00e9s <\/h3><\/div><div class=\"modal-body fusion-clearfix\">\n<h2>Prix Coup de coeur<\/h2>\n<p>Le Collectif des citoyens solidaires de Namur a re\u00e7u le Prix Coup de c\u0153ur pour l\u2019atelier v\u00e9lo au centre de r\u00e9fugi\u00e9s de Belgrade. Ce prix a \u00e9t\u00e9 remis par Carmen de Crombrugghe et Mathieu Vanhove de la coop\u00e9rative Cera.<\/p>\n<div style=\"width: 1100px;\" class=\"wp-video\"><video class=\"wp-video-shortcode\" id=\"video-713-2\" width=\"1100\" height=\"619\" preload=\"metadata\" controls=\"controls\"><source type=\"video\/mp4\" src=\"https:\/\/siteproxy.ruqli.workers.dev:443\/https\/www.generations-solidaires.be\/wp-content\/uploads\/sites\/6\/2017\/08\/gs-atelier-velo.mp4?_=2\" \/><a href=\"https:\/\/siteproxy.ruqli.workers.dev:443\/https\/www.generations-solidaires.be\/wp-content\/uploads\/sites\/6\/2017\/08\/gs-atelier-velo.mp4\">https:\/\/siteproxy.ruqli.workers.dev:443\/https\/www.generations-solidaires.be\/wp-content\/uploads\/sites\/6\/2017\/08\/gs-atelier-velo.mp4<\/a><\/video><\/div>\n<\/div><\/div><\/div><\/div><div class=\"fusion-button-wrapper\"><a class=\"fusion-button button-flat fusion-button-default-size button-default fusion-button-default button-2 fusion-button-default-span fusion-button-default-type\" target=\"_blank\" rel=\"noopener noreferrer\" href=\"https:\/\/siteproxy.ruqli.workers.dev:443\/https\/www.lavenir.net\/cnt\/dmf20170615_01018920\/reparer-des-velos-main-dans-la-main\"><span class=\"fusion-button-text awb-button__text awb-button__text--default\">Voir notre reportage<\/span><\/a><\/div><div class=\"fusion-clearfix\"><\/div><\/div><\/div><div class=\"fusion-layout-column fusion_builder_column fusion-builder-column-3 fusion_builder_column_1_3 1_3 fusion-one-third fusion-column-last\" style=\"--awb-bg-size:cover;width:33.3333333333%;width:calc(33.3333333333% - ( ( 0% + 0% ) * 0.333333333333 ) );\"><div class=\"fusion-column-wrapper fusion-flex-column-wrapper-legacy\"><figure class=\"effect-layla\">\n        <img decoding=\"async\" src=\"https:\/\/siteproxy.ruqli.workers.dev:443\/https\/avecdn.akamaized.net\/Assets\/Images_Upload\/actu24\/2017\/06\/18\/cf5dc845-5440-495c-95cf-76171f561775_original.jpg\">\n        <figcaption>\n          <h2>Prix Coup de pouce:<br \/> Share food<\/h2>\n          <a href=\"#\" class=\"fusion-modal-text-link\" data-toggle=\"modal\" data-target=\".fusion-modal.modal-food\">Consulter<\/a> \n        <\/figcaption>\n      <\/figure><div class=\"fusion-modal modal fade modal-3 modal-food\" tabindex=\"-1\" role=\"dialog\" aria-labelledby=\"modal-heading-3\" aria-hidden=\"true\" style=\"--awb-border-color:#ebebeb;--awb-background:#f6f6f6;\"><div class=\"modal-dialog modal-lg\" role=\"document\"><div class=\"modal-content fusion-modal-content\"><div class=\"modal-header\"><button class=\"close\" type=\"button\" data-dismiss=\"modal\" aria-hidden=\"true\" aria-label=\"Close\">&times;<\/button><h3 class=\"modal-title\" id=\"modal-heading-3\" data-dismiss=\"modal\" aria-hidden=\"true\">Les trois projets laur\u00e9ats r\u00e9compens\u00e9s <\/h3><\/div><div class=\"modal-body fusion-clearfix\">\n<h2>Prix Coup pouce<\/h2>\n<p>L\u2019ASBL Share Food a re\u00e7u le Prix Coup de pouce, remis par Bernard Horenbeeck, Directeur de la banque solidaire Credal et par Genevi\u00e8ve Lazaron, d\u00e9put\u00e9e provinciale et repr\u00e9sentante du Ministre de l\u2019Action sociale, Maxime Prevot.<\/p>\n<div style=\"width: 1100px;\" class=\"wp-video\"><video class=\"wp-video-shortcode\" id=\"video-713-3\" width=\"1100\" height=\"619\" preload=\"metadata\" controls=\"controls\"><source type=\"video\/mp4\" src=\"https:\/\/siteproxy.ruqli.workers.dev:443\/https\/www.generations-solidaires.be\/wp-content\/uploads\/sites\/6\/2017\/08\/gs-sharefood.mp4?_=3\" \/><a href=\"https:\/\/siteproxy.ruqli.workers.dev:443\/https\/www.generations-solidaires.be\/wp-content\/uploads\/sites\/6\/2017\/08\/gs-sharefood.mp4\">https:\/\/siteproxy.ruqli.workers.dev:443\/https\/www.generations-solidaires.be\/wp-content\/uploads\/sites\/6\/2017\/08\/gs-sharefood.mp4<\/a><\/video><\/div>\n<\/div><\/div><\/div><\/div><div class=\"fusion-button-wrapper\"><a class=\"fusion-button button-flat fusion-button-default-size button-default fusion-button-default button-3 fusion-button-default-span fusion-button-default-type\" target=\"_blank\" rel=\"noopener noreferrer\" href=\"https:\/\/siteproxy.ruqli.workers.dev:443\/https\/www.lavenir.net\/cnt\/dmf20170618_01019977\/partager-la-nourriture-au-lieu-de-la-gaspiller\"><span class=\"fusion-button-text awb-button__text awb-button__text--default\">Voir notre reportage<\/span><\/a><\/div><div class=\"fusion-clearfix\"><\/div><\/div><\/div><div class=\"fusion-layout-column fusion_builder_column fusion-builder-column-4 fusion_builder_column_1_1 1_1 fusion-one-full fusion-column-first fusion-column-last\" style=\"--awb-bg-size:cover;\"><div class=\"fusion-column-wrapper fusion-flex-column-wrapper-legacy\"><div class=\"fusion-text fusion-text-4\"><h1 style=\"color: #ed1066;\">Les sept autres nomin\u00e9s 2017<\/h1>\n<hr style=\"color: #ed1066; border-color: #ed1066; background-color: #ed1066;\" \/>\n<\/div><div class=\"fusion-clearfix\"><\/div><\/div><\/div><div class=\"fusion-layout-column fusion_builder_column fusion-builder-column-5 fusion_builder_column_1_3 1_3 fusion-one-third fusion-column-first\" style=\"--awb-bg-size:cover;width:33.3333333333%;width:calc(33.3333333333% - ( ( 0% + 0% ) * 0.333333333333 ) );margin-right: 0%;\"><div class=\"fusion-column-wrapper fusion-flex-column-wrapper-legacy\"><figure class=\"effect-layla\">\n        <img decoding=\"async\" src=\"https:\/\/siteproxy.ruqli.workers.dev:443\/https\/avecdn.akamaized.net\/Assets\/Images_Upload\/actu24\/2017\/06\/18\/2349e249-33a7-4016-8175-a66a93c49bfc_original.jpg\">\n        <figcaption>\n          <h2>Bien vivre ensemble \u00e0 Bastogne<\/h2>\n          <a href=\"#\" class=\"fusion-modal-text-link\" data-toggle=\"modal\" data-target=\".fusion-modal.modal-bastogne\">Consulter<\/a> \n        <\/figcaption>\n      <\/figure><div class=\"fusion-modal modal fade modal-4 modal-bastogne\" tabindex=\"-1\" role=\"dialog\" aria-labelledby=\"modal-heading-4\" aria-hidden=\"true\" style=\"--awb-border-color:#ebebeb;--awb-background:#f6f6f6;\"><div class=\"modal-dialog modal-lg\" role=\"document\"><div class=\"modal-content fusion-modal-content\"><div class=\"modal-header\"><button class=\"close\" type=\"button\" data-dismiss=\"modal\" aria-hidden=\"true\" aria-label=\"Close\">&times;<\/button><h3 class=\"modal-title\" id=\"modal-heading-4\" data-dismiss=\"modal\" aria-hidden=\"true\">Les sept autres nomin\u00e9s<\/h3><\/div><div class=\"modal-body fusion-clearfix\">\n<div style=\"width: 1100px;\" class=\"wp-video\"><video class=\"wp-video-shortcode\" id=\"video-713-4\" width=\"1100\" height=\"619\" preload=\"metadata\" controls=\"controls\"><source type=\"video\/mp4\" src=\"https:\/\/siteproxy.ruqli.workers.dev:443\/https\/www.generations-solidaires.be\/wp-content\/uploads\/sites\/6\/2017\/08\/gs-res-bastogne.mp4?_=4\" \/><a href=\"https:\/\/siteproxy.ruqli.workers.dev:443\/https\/www.generations-solidaires.be\/wp-content\/uploads\/sites\/6\/2017\/08\/gs-res-bastogne.mp4\">https:\/\/siteproxy.ruqli.workers.dev:443\/https\/www.generations-solidaires.be\/wp-content\/uploads\/sites\/6\/2017\/08\/gs-res-bastogne.mp4<\/a><\/video><\/div>\n<\/div><\/div><\/div><\/div><div class=\"fusion-button-wrapper\"><a class=\"fusion-button button-flat fusion-button-default-size button-default fusion-button-default button-4 fusion-button-default-span fusion-button-default-type\" target=\"_blank\" rel=\"noopener noreferrer\" href=\"https:\/\/siteproxy.ruqli.workers.dev:443\/https\/www.lavenir.net\/cnt\/dmf20170618_01019961\/l-echange-de-savoirs-createur-de-liens\"><span class=\"fusion-button-text awb-button__text awb-button__text--default\">Voir notre reportage<\/span><\/a><\/div><div class=\"fusion-clearfix\"><\/div><\/div><\/div><div class=\"fusion-layout-column fusion_builder_column fusion-builder-column-6 fusion_builder_column_1_3 1_3 fusion-one-third\" style=\"--awb-bg-size:cover;width:33.3333333333%;width:calc(33.3333333333% - ( ( 0% + 0% ) * 0.333333333333 ) );margin-right: 0%;\"><div class=\"fusion-column-wrapper fusion-flex-column-wrapper-legacy\"><figure class=\"effect-layla\">\n        <img decoding=\"async\" src=\"https:\/\/siteproxy.ruqli.workers.dev:443\/https\/avecdn.akamaized.net\/Assets\/Images_Upload\/actu24\/2017\/06\/18\/ac323c44-485d-4fad-99a7-4180a6bfb538_original.jpg\">\n        <figcaption>\n          <h2>Courchouette<\/h2>\n          <a href=\"#\" class=\"fusion-modal-text-link\" data-toggle=\"modal\" data-target=\".fusion-modal.modal-courchouette\">Consulter<\/a> \n        <\/figcaption>\n      <\/figure><div class=\"fusion-modal modal fade modal-5 modal-courchouette\" tabindex=\"-1\" role=\"dialog\" aria-labelledby=\"modal-heading-5\" aria-hidden=\"true\" style=\"--awb-border-color:#ebebeb;--awb-background:#f6f6f6;\"><div class=\"modal-dialog modal-lg\" role=\"document\"><div class=\"modal-content fusion-modal-content\"><div class=\"modal-header\"><button class=\"close\" type=\"button\" data-dismiss=\"modal\" aria-hidden=\"true\" aria-label=\"Close\">&times;<\/button><h3 class=\"modal-title\" id=\"modal-heading-5\" data-dismiss=\"modal\" aria-hidden=\"true\">Les sept autres nomin\u00e9s<\/h3><\/div><div class=\"modal-body fusion-clearfix\">\n<div style=\"width: 1100px;\" class=\"wp-video\"><video class=\"wp-video-shortcode\" id=\"video-713-5\" width=\"1100\" height=\"619\" preload=\"metadata\" controls=\"controls\"><source type=\"video\/mp4\" src=\"https:\/\/siteproxy.ruqli.workers.dev:443\/https\/www.generations-solidaires.be\/wp-content\/uploads\/sites\/6\/2017\/08\/gs-couchouette.mp4?_=5\" \/><a href=\"https:\/\/siteproxy.ruqli.workers.dev:443\/https\/www.generations-solidaires.be\/wp-content\/uploads\/sites\/6\/2017\/08\/gs-couchouette.mp4\">https:\/\/siteproxy.ruqli.workers.dev:443\/https\/www.generations-solidaires.be\/wp-content\/uploads\/sites\/6\/2017\/08\/gs-couchouette.mp4<\/a><\/video><\/div>\n<\/div><\/div><\/div><\/div><div class=\"fusion-button-wrapper\"><a class=\"fusion-button button-flat fusion-button-default-size button-default fusion-button-default button-5 fusion-button-default-span fusion-button-default-type\" target=\"_blank\" rel=\"noopener noreferrer\" href=\"https:\/\/siteproxy.ruqli.workers.dev:443\/https\/www.lavenir.net\/cnt\/dmf20170618_01019971\/une-alimentation-tournee-vers-plus-de-justice-sociale\"><span class=\"fusion-button-text awb-button__text awb-button__text--default\">Voir notre reportage<\/span><\/a><\/div><div class=\"fusion-clearfix\"><\/div><\/div><\/div><div class=\"fusion-layout-column fusion_builder_column fusion-builder-column-7 fusion_builder_column_1_3 1_3 fusion-one-third fusion-column-last\" style=\"--awb-bg-size:cover;width:33.3333333333%;width:calc(33.3333333333% - ( ( 0% + 0% ) * 0.333333333333 ) );\"><div class=\"fusion-column-wrapper fusion-flex-column-wrapper-legacy\"><figure class=\"effect-layla\">\n        <img decoding=\"async\" src=\"https:\/\/siteproxy.ruqli.workers.dev:443\/https\/avecdn.akamaized.net\/Assets\/Images_Upload\/actu24\/2017\/06\/18\/88ea17d9-ed80-4ca5-9dcb-eb06c79d0f8a_original.jpg\">\n        <figcaption>\n          <h2>G100 Eghez\u00e9e \u2013 Fernelmont <\/h2>\n          <a href=\"#\" class=\"fusion-modal-text-link\" data-toggle=\"modal\" data-target=\".fusion-modal.modal-g100\">Consulter<\/a> \n        <\/figcaption>\n      <\/figure><div class=\"fusion-modal modal fade modal-6 modal-g100\" tabindex=\"-1\" role=\"dialog\" aria-labelledby=\"modal-heading-6\" aria-hidden=\"true\" style=\"--awb-border-color:#ebebeb;--awb-background:#f6f6f6;\"><div class=\"modal-dialog modal-lg\" role=\"document\"><div class=\"modal-content fusion-modal-content\"><div class=\"modal-header\"><button class=\"close\" type=\"button\" data-dismiss=\"modal\" aria-hidden=\"true\" aria-label=\"Close\">&times;<\/button><h3 class=\"modal-title\" id=\"modal-heading-6\" data-dismiss=\"modal\" aria-hidden=\"true\">Les sept autres nomin\u00e9s<\/h3><\/div><div class=\"modal-body fusion-clearfix\">\n<div style=\"width: 1100px;\" class=\"wp-video\"><video class=\"wp-video-shortcode\" id=\"video-713-6\" width=\"1100\" height=\"619\" preload=\"metadata\" controls=\"controls\"><source type=\"video\/mp4\" src=\"https:\/\/siteproxy.ruqli.workers.dev:443\/https\/www.generations-solidaires.be\/wp-content\/uploads\/sites\/6\/2017\/08\/gs-g100.mp4?_=6\" \/><a href=\"https:\/\/siteproxy.ruqli.workers.dev:443\/https\/www.generations-solidaires.be\/wp-content\/uploads\/sites\/6\/2017\/08\/gs-g100.mp4\">https:\/\/siteproxy.ruqli.workers.dev:443\/https\/www.generations-solidaires.be\/wp-content\/uploads\/sites\/6\/2017\/08\/gs-g100.mp4<\/a><\/video><\/div>\n<\/div><\/div><\/div><\/div><div class=\"fusion-button-wrapper\"><a class=\"fusion-button button-flat fusion-button-default-size button-default fusion-button-default button-6 fusion-button-default-span fusion-button-default-type\" target=\"_blank\" rel=\"noopener noreferrer\" href=\"https:\/\/siteproxy.ruqli.workers.dev:443\/https\/www.lavenir.net\/cnt\/dmf20170618_01019969\/rever-l-avenir-de-sa-commune\"><span class=\"fusion-button-text awb-button__text awb-button__text--default\">Voir notre reportage<\/span><\/a><\/div><div class=\"fusion-clearfix\"><\/div><\/div><\/div><div class=\"fusion-layout-column fusion_builder_column fusion-builder-column-8 fusion_builder_column_1_3 1_3 fusion-one-third fusion-column-first\" style=\"--awb-bg-size:cover;width:33.3333333333%;width:calc(33.3333333333% - ( ( 0% + 0% ) * 0.333333333333 ) );margin-right: 0%;\"><div class=\"fusion-column-wrapper fusion-flex-column-wrapper-legacy\"><figure class=\"effect-layla\">\n        <img decoding=\"async\" src=\"https:\/\/siteproxy.ruqli.workers.dev:443\/https\/avecdn.akamaized.net\/Assets\/Images_Upload\/actu24\/2017\/06\/18\/da546ff9-5ddf-4970-9825-ba4640105548_original.jpg\">\n        <figcaption>\n          <h2>Jeunesse Nomade<\/h2>\n          <a href=\"#\" class=\"fusion-modal-text-link\" data-toggle=\"modal\" data-target=\".fusion-modal.modal-jeunesse-nomade\">Consulter<\/a> \n        <\/figcaption>\n      <\/figure><div class=\"fusion-modal modal fade modal-7 modal-jeunesse-nomade\" tabindex=\"-1\" role=\"dialog\" aria-labelledby=\"modal-heading-7\" aria-hidden=\"true\" style=\"--awb-border-color:#ebebeb;--awb-background:#f6f6f6;\"><div class=\"modal-dialog modal-lg\" role=\"document\"><div class=\"modal-content fusion-modal-content\"><div class=\"modal-header\"><button class=\"close\" type=\"button\" data-dismiss=\"modal\" aria-hidden=\"true\" aria-label=\"Close\">&times;<\/button><h3 class=\"modal-title\" id=\"modal-heading-7\" data-dismiss=\"modal\" aria-hidden=\"true\">Les sept autres nomin\u00e9s<\/h3><\/div><div class=\"modal-body fusion-clearfix\">\n<div style=\"width: 1100px;\" class=\"wp-video\"><video class=\"wp-video-shortcode\" id=\"video-713-7\" width=\"1100\" height=\"619\" preload=\"metadata\" controls=\"controls\"><source type=\"video\/mp4\" src=\"https:\/\/siteproxy.ruqli.workers.dev:443\/https\/www.generations-solidaires.be\/wp-content\/uploads\/sites\/6\/2017\/08\/gs-jeunessenomade.mp4?_=7\" \/><a href=\"https:\/\/siteproxy.ruqli.workers.dev:443\/https\/www.generations-solidaires.be\/wp-content\/uploads\/sites\/6\/2017\/08\/gs-jeunessenomade.mp4\">https:\/\/siteproxy.ruqli.workers.dev:443\/https\/www.generations-solidaires.be\/wp-content\/uploads\/sites\/6\/2017\/08\/gs-jeunessenomade.mp4<\/a><\/video><\/div>\n<\/div><\/div><\/div><\/div><div class=\"fusion-button-wrapper\"><a class=\"fusion-button button-flat fusion-button-default-size button-default fusion-button-default button-7 fusion-button-default-span fusion-button-default-type\" target=\"_blank\" rel=\"noopener noreferrer\" href=\"https:\/\/siteproxy.ruqli.workers.dev:443\/https\/www.lavenir.net\/cnt\/dmf20170618_01019973\/se-rencontrer-et-mieux-vivre-ensemble\"><span class=\"fusion-button-text awb-button__text awb-button__text--default\">Voir notre reportage<\/span><\/a><\/div><div class=\"fusion-clearfix\"><\/div><\/div><\/div><div class=\"fusion-layout-column fusion_builder_column fusion-builder-column-9 fusion_builder_column_1_3 1_3 fusion-one-third\" style=\"--awb-bg-size:cover;width:33.3333333333%;width:calc(33.3333333333% - ( ( 0% + 0% ) * 0.333333333333 ) );margin-right: 0%;\"><div class=\"fusion-column-wrapper fusion-flex-column-wrapper-legacy\"><figure class=\"effect-layla\">\n        <img decoding=\"async\" src=\"https:\/\/siteproxy.ruqli.workers.dev:443\/http\/tech.lavenir.net\/webdoc\/generations-solidaires\/wp-content\/uploads\/sites\/6\/2017\/08\/lazare.png\">\n        <figcaption>\n          <h2>Ouverture de Lazare en Belgique <\/h2>\n          <a href=\"#\" class=\"fusion-modal-text-link\" data-toggle=\"modal\" data-target=\".fusion-modal.modal-lazare\">Consulter<\/a> \n        <\/figcaption>\n      <\/figure><div class=\"fusion-modal modal fade modal-8 modal-lazare\" tabindex=\"-1\" role=\"dialog\" aria-labelledby=\"modal-heading-8\" aria-hidden=\"true\" style=\"--awb-border-color:#ebebeb;--awb-background:#f6f6f6;\"><div class=\"modal-dialog modal-lg\" role=\"document\"><div class=\"modal-content fusion-modal-content\"><div class=\"modal-header\"><button class=\"close\" type=\"button\" data-dismiss=\"modal\" aria-hidden=\"true\" aria-label=\"Close\">&times;<\/button><h3 class=\"modal-title\" id=\"modal-heading-8\" data-dismiss=\"modal\" aria-hidden=\"true\">Les sept autres nomin\u00e9s<\/h3><\/div><div class=\"modal-body fusion-clearfix\">\n<div style=\"width: 1100px;\" class=\"wp-video\"><video class=\"wp-video-shortcode\" id=\"video-713-8\" width=\"1100\" height=\"619\" preload=\"metadata\" controls=\"controls\"><source type=\"video\/mp4\" src=\"https:\/\/siteproxy.ruqli.workers.dev:443\/https\/www.generations-solidaires.be\/wp-content\/uploads\/sites\/6\/2017\/08\/gs-lazare.mp4?_=8\" \/><a href=\"https:\/\/siteproxy.ruqli.workers.dev:443\/https\/www.generations-solidaires.be\/wp-content\/uploads\/sites\/6\/2017\/08\/gs-lazare.mp4\">https:\/\/siteproxy.ruqli.workers.dev:443\/https\/www.generations-solidaires.be\/wp-content\/uploads\/sites\/6\/2017\/08\/gs-lazare.mp4<\/a><\/video><\/div>\n<\/div><\/div><\/div><\/div><div class=\"fusion-button-wrapper\"><a class=\"fusion-button button-flat fusion-button-default-size button-default fusion-button-default button-8 fusion-button-default-span fusion-button-default-type\" target=\"_blank\" rel=\"noopener noreferrer\" href=\"https:\/\/siteproxy.ruqli.workers.dev:443\/https\/www.lavenir.net\/cnt\/dmf20170618_01019972\/une-colocation-solidaire-pour-sans-abri\"><span class=\"fusion-button-text awb-button__text awb-button__text--default\">Voir notre reportage<\/span><\/a><\/div><div class=\"fusion-clearfix\"><\/div><\/div><\/div><div class=\"fusion-layout-column fusion_builder_column fusion-builder-column-10 fusion_builder_column_1_3 1_3 fusion-one-third fusion-column-last\" style=\"--awb-bg-size:cover;width:33.3333333333%;width:calc(33.3333333333% - ( ( 0% + 0% ) * 0.333333333333 ) );\"><div class=\"fusion-column-wrapper fusion-flex-column-wrapper-legacy\"><figure class=\"effect-layla\">\n        <img decoding=\"async\" src=\"https:\/\/siteproxy.ruqli.workers.dev:443\/https\/avecdn.akamaized.net\/Assets\/Images_Upload\/Actu24\/2017\/06\/18\/993cae00-fedb-48ae-b436-676bc9984eae_original.jpg\">\n        <figcaption>\n          <h2>(R\u00e9)activation d\u2019une maison de quartier citoyenne \u00e0 Forest <\/h2>\n          <a href=\"#\" class=\"fusion-modal-text-link\" data-toggle=\"modal\" data-target=\".fusion-modal.modal-forest\">Consulter<\/a> \n        <\/figcaption>\n      <\/figure><div class=\"fusion-modal modal fade modal-9 modal-forest\" tabindex=\"-1\" role=\"dialog\" aria-labelledby=\"modal-heading-9\" aria-hidden=\"true\" style=\"--awb-border-color:#ebebeb;--awb-background:#f6f6f6;\"><div class=\"modal-dialog modal-lg\" role=\"document\"><div class=\"modal-content fusion-modal-content\"><div class=\"modal-header\"><button class=\"close\" type=\"button\" data-dismiss=\"modal\" aria-hidden=\"true\" aria-label=\"Close\">&times;<\/button><h3 class=\"modal-title\" id=\"modal-heading-9\" data-dismiss=\"modal\" aria-hidden=\"true\">Les sept autres nomin\u00e9s<\/h3><\/div><div class=\"modal-body fusion-clearfix\">\n<div style=\"width: 1100px;\" class=\"wp-video\"><video class=\"wp-video-shortcode\" id=\"video-713-9\" width=\"1100\" height=\"619\" preload=\"metadata\" controls=\"controls\"><source type=\"video\/mp4\" src=\"https:\/\/siteproxy.ruqli.workers.dev:443\/https\/www.generations-solidaires.be\/wp-content\/uploads\/sites\/6\/2017\/08\/gs-maisoncitoyenne-forest.mp4?_=9\" \/><a href=\"https:\/\/siteproxy.ruqli.workers.dev:443\/https\/www.generations-solidaires.be\/wp-content\/uploads\/sites\/6\/2017\/08\/gs-maisoncitoyenne-forest.mp4\">https:\/\/siteproxy.ruqli.workers.dev:443\/https\/www.generations-solidaires.be\/wp-content\/uploads\/sites\/6\/2017\/08\/gs-maisoncitoyenne-forest.mp4<\/a><\/video><\/div>\n<\/div><\/div><\/div><\/div><div class=\"fusion-button-wrapper\"><a class=\"fusion-button button-flat fusion-button-default-size button-default fusion-button-default button-9 fusion-button-default-span fusion-button-default-type\" target=\"_blank\" rel=\"noopener noreferrer\" href=\"https:\/\/siteproxy.ruqli.workers.dev:443\/https\/www.lavenir.net\/cnt\/dmf20170618_01019974\/une-seconde-vie-pour-les-logements-inoccupes\"><span class=\"fusion-button-text awb-button__text awb-button__text--default\">Voir notre reportage<\/span><\/a><\/div><div class=\"fusion-clearfix\"><\/div><\/div><\/div><div class=\"fusion-layout-column fusion_builder_column fusion-builder-column-11 fusion_builder_column_1_3 1_3 fusion-one-third fusion-column-first\" style=\"--awb-bg-size:cover;width:30.6666%; margin-right: 0%;\"><div class=\"fusion-column-wrapper fusion-flex-column-wrapper-legacy\"><figure class=\"effect-layla\">\n        <img decoding=\"async\" src=\"https:\/\/siteproxy.ruqli.workers.dev:443\/http\/tech.lavenir.net\/webdoc\/generations-solidaires\/wp-content\/uploads\/sites\/6\/2017\/08\/solifruits.png\">\n        <figcaption>\n          <h2>Soli\u2019fruit<\/h2>\n          <a href=\"#\" class=\"fusion-modal-text-link\" data-toggle=\"modal\" data-target=\".fusion-modal.modal-fruits\">Consulter<\/a> \n        <\/figcaption>\n      <\/figure><div class=\"fusion-modal modal fade modal-10 modal-fruits\" tabindex=\"-1\" role=\"dialog\" aria-labelledby=\"modal-heading-10\" aria-hidden=\"true\" style=\"--awb-border-color:#ebebeb;--awb-background:#f6f6f6;\"><div class=\"modal-dialog modal-lg\" role=\"document\"><div class=\"modal-content fusion-modal-content\"><div class=\"modal-header\"><button class=\"close\" type=\"button\" data-dismiss=\"modal\" aria-hidden=\"true\" aria-label=\"Close\">&times;<\/button><h3 class=\"modal-title\" id=\"modal-heading-10\" data-dismiss=\"modal\" aria-hidden=\"true\">Les sept autres nomin\u00e9s<\/h3><\/div><div class=\"modal-body fusion-clearfix\">\n<div style=\"width: 1100px;\" class=\"wp-video\"><video class=\"wp-video-shortcode\" id=\"video-713-10\" width=\"1100\" height=\"619\" preload=\"metadata\" controls=\"controls\"><source type=\"video\/mp4\" src=\"https:\/\/siteproxy.ruqli.workers.dev:443\/https\/www.generations-solidaires.be\/wp-content\/uploads\/sites\/6\/2017\/08\/gs-solifruits.mp4?_=10\" \/><a href=\"https:\/\/siteproxy.ruqli.workers.dev:443\/https\/www.generations-solidaires.be\/wp-content\/uploads\/sites\/6\/2017\/08\/gs-solifruits.mp4\">https:\/\/siteproxy.ruqli.workers.dev:443\/https\/www.generations-solidaires.be\/wp-content\/uploads\/sites\/6\/2017\/08\/gs-solifruits.mp4<\/a><\/video><\/div>\n<\/div><\/div><\/div><\/div><div class=\"fusion-button-wrapper\"><a class=\"fusion-button button-flat fusion-button-default-size button-default fusion-button-default button-10 fusion-button-default-span fusion-button-default-type\" target=\"_blank\" rel=\"noopener noreferrer\" href=\"https:\/\/siteproxy.ruqli.workers.dev:443\/https\/www.lavenir.net\/cnt\/dmf20170618_01019975\/des-fruits-au-gout-solidaire\"><span class=\"fusion-button-text awb-button__text awb-button__text--default\">Voir notre reportage<\/span><\/a><\/div><div class=\"fusion-clearfix\"><\/div><\/div><\/div><div class=\"fusion-layout-column fusion_builder_column fusion-builder-column-12 fusion_builder_column_1_1 1_1 fusion-one-full fusion-column-last\" style=\"--awb-bg-size:cover;\"><div class=\"fusion-column-wrapper fusion-flex-column-wrapper-legacy\"><div class=\"fusion-clearfix\"><\/div><\/div><\/div><\/div><\/div><div class=\"fusion-fullwidth fullwidth-box fusion-builder-row-2 nonhundred-percent-fullwidth non-hundred-percent-height-scrolling\" style=\"--awb-border-radius-top-left:0px;--awb-border-radius-top-right:0px;--awb-border-radius-bottom-right:0px;--awb-border-radius-bottom-left:0px;--awb-flex-wrap:wrap;\" ><div class=\"fusion-builder-row fusion-row\"><div class=\"fusion-layout-column fusion_builder_column fusion-builder-column-13 fusion_builder_column_1_1 1_1 fusion-one-full fusion-column-first fusion-column-last\" style=\"--awb-bg-size:cover;\"><div class=\"fusion-column-wrapper fusion-flex-column-wrapper-legacy\"><div class=\"fusion-button-wrapper\"><a class=\"fusion-button button-flat fusion-button-default-size button-default fusion-button-default button-11 fusion-button-default-span fusion-button-default-type\" target=\"_blank\" rel=\"noopener noreferrer\" href=\"https:\/\/siteproxy.ruqli.workers.dev:443\/https\/www.generations-solidaires.be\/presentation-projets\/\"><span class=\"fusion-button-text awb-button__text awb-button__text--default\">Tous les projets 2017<\/span><\/a><\/div><div class=\"fusion-clearfix\"><\/div><\/div><\/div><\/div><\/div><\/p>\n","protected":false},"excerpt":{"rendered":"","protected":false},"author":1,"featured_media":0,"parent":0,"menu_order":0,"comment_status":"closed","ping_status":"closed","template":"","meta":{"_acf_changed":false,"footnotes":""},"class_list":["post-713","page","type-page","status-publish","hentry"],"acf":[],"yoast_head":"<!-- This site is optimized with the Yoast SEO plugin v27.1.1 - https:\/\/siteproxy.ruqli.workers.dev:443\/https\/yoast.com\/product\/yoast-seo-wordpress\/ -->\n<title>Laur\u00e9ats 2017 - G\u00e9n\u00e9rations solidaires<\/title>\n<meta name=\"robots\" content=\"index, follow, max-snippet:-1, max-image-preview:large, max-video-preview:-1\" \/>\n<link rel=\"canonical\" href=\"https:\/\/siteproxy.ruqli.workers.dev:443\/https\/www.generations-solidaires.be\/laureats-2017\/\" \/>\n<meta property=\"og:locale\" content=\"fr_FR\" \/>\n<meta property=\"og:type\" content=\"article\" \/>\n<meta property=\"og:title\" content=\"Laur\u00e9ats 2017 - G\u00e9n\u00e9rations solidaires\" \/>\n<meta property=\"og:url\" content=\"https:\/\/siteproxy.ruqli.workers.dev:443\/https\/www.generations-solidaires.be\/laureats-2017\/\" \/>\n<meta property=\"og:site_name\" content=\"G\u00e9n\u00e9rations solidaires\" \/>\n<meta property=\"article:modified_time\" content=\"2018-01-09T12:53:51+00:00\" \/>\n<meta name=\"twitter:card\" content=\"summary_large_image\" \/>\n<meta name=\"twitter:label1\" content=\"Dur\u00e9e de lecture estim\u00e9e\" \/>\n\t<meta name=\"twitter:data1\" content=\"19 minutes\" \/>\n<script type=\"application\/ld+json\" class=\"yoast-schema-graph\">{\"@context\":\"https:\/\/siteproxy.ruqli.workers.dev:443\/https\/schema.org\",\"@graph\":[{\"@type\":\"WebPage\",\"@id\":\"https:\/\/siteproxy.ruqli.workers.dev:443\/https\/www.generations-solidaires.be\/laureats-2017\/\",\"url\":\"https:\/\/siteproxy.ruqli.workers.dev:443\/https\/www.generations-solidaires.be\/laureats-2017\/\",\"name\":\"Laur\u00e9ats 2017 - G\u00e9n\u00e9rations solidaires\",\"isPartOf\":{\"@id\":\"https:\/\/siteproxy.ruqli.workers.dev:443\/https\/www.generations-solidaires.be\/#website\"},\"datePublished\":\"2017-08-18T07:55:15+00:00\",\"dateModified\":\"2018-01-09T12:53:51+00:00\",\"breadcrumb\":{\"@id\":\"https:\/\/siteproxy.ruqli.workers.dev:443\/https\/www.generations-solidaires.be\/laureats-2017\/#breadcrumb\"},\"inLanguage\":\"fr-FR\",\"potentialAction\":[{\"@type\":\"ReadAction\",\"target\":[\"https:\/\/siteproxy.ruqli.workers.dev:443\/https\/www.generations-solidaires.be\/laureats-2017\/\"]}]},{\"@type\":\"BreadcrumbList\",\"@id\":\"https:\/\/siteproxy.ruqli.workers.dev:443\/https\/www.generations-solidaires.be\/laureats-2017\/#breadcrumb\",\"itemListElement\":[{\"@type\":\"ListItem\",\"position\":1,\"name\":\"Accueil\",\"item\":\"https:\/\/siteproxy.ruqli.workers.dev:443\/https\/www.generations-solidaires.be\/\"},{\"@type\":\"ListItem\",\"position\":2,\"name\":\"Laur\u00e9ats 2017\"}]},{\"@type\":\"WebSite\",\"@id\":\"https:\/\/siteproxy.ruqli.workers.dev:443\/https\/www.generations-solidaires.be\/#website\",\"url\":\"https:\/\/siteproxy.ruqli.workers.dev:443\/https\/www.generations-solidaires.be\/\",\"name\":\"G\u00e9n\u00e9rations solidaires\",\"description\":\"\u00c0 vous de voter !\",\"potentialAction\":[{\"@type\":\"SearchAction\",\"target\":{\"@type\":\"EntryPoint\",\"urlTemplate\":\"https:\/\/siteproxy.ruqli.workers.dev:443\/https\/www.generations-solidaires.be\/?s={search_term_string}\"},\"query-input\":{\"@type\":\"PropertyValueSpecification\",\"valueRequired\":true,\"valueName\":\"search_term_string\"}}],\"inLanguage\":\"fr-FR\"}]}<\/script>\n<!-- \/ Yoast SEO plugin. -->","yoast_head_json":{"title":"Laur\u00e9ats 2017 - G\u00e9n\u00e9rations solidaires","robots":{"index":"index","follow":"follow","max-snippet":"max-snippet:-1","max-image-preview":"max-image-preview:large","max-video-preview":"max-video-preview:-1"},"canonical":"https:\/\/siteproxy.ruqli.workers.dev:443\/https\/www.generations-solidaires.be\/laureats-2017\/","og_locale":"fr_FR","og_type":"article","og_title":"Laur\u00e9ats 2017 - G\u00e9n\u00e9rations solidaires","og_url":"https:\/\/siteproxy.ruqli.workers.dev:443\/https\/www.generations-solidaires.be\/laureats-2017\/","og_site_name":"G\u00e9n\u00e9rations solidaires","article_modified_time":"2018-01-09T12:53:51+00:00","twitter_card":"summary_large_image","twitter_misc":{"Dur\u00e9e de lecture estim\u00e9e":"19 minutes"},"schema":{"@context":"https:\/\/siteproxy.ruqli.workers.dev:443\/https\/schema.org","@graph":[{"@type":"WebPage","@id":"https:\/\/siteproxy.ruqli.workers.dev:443\/https\/www.generations-solidaires.be\/laureats-2017\/","url":"https:\/\/siteproxy.ruqli.workers.dev:443\/https\/www.generations-solidaires.be\/laureats-2017\/","name":"Laur\u00e9ats 2017 - G\u00e9n\u00e9rations solidaires","isPartOf":{"@id":"https:\/\/siteproxy.ruqli.workers.dev:443\/https\/www.generations-solidaires.be\/#website"},"datePublished":"2017-08-18T07:55:15+00:00","dateModified":"2018-01-09T12:53:51+00:00","breadcrumb":{"@id":"https:\/\/siteproxy.ruqli.workers.dev:443\/https\/www.generations-solidaires.be\/laureats-2017\/#breadcrumb"},"inLanguage":"fr-FR","potentialAction":[{"@type":"ReadAction","target":["https:\/\/siteproxy.ruqli.workers.dev:443\/https\/www.generations-solidaires.be\/laureats-2017\/"]}]},{"@type":"BreadcrumbList","@id":"https:\/\/siteproxy.ruqli.workers.dev:443\/https\/www.generations-solidaires.be\/laureats-2017\/#breadcrumb","itemListElement":[{"@type":"ListItem","position":1,"name":"Accueil","item":"https:\/\/siteproxy.ruqli.workers.dev:443\/https\/www.generations-solidaires.be\/"},{"@type":"ListItem","position":2,"name":"Laur\u00e9ats 2017"}]},{"@type":"WebSite","@id":"https:\/\/siteproxy.ruqli.workers.dev:443\/https\/www.generations-solidaires.be\/#website","url":"https:\/\/siteproxy.ruqli.workers.dev:443\/https\/www.generations-solidaires.be\/","name":"G\u00e9n\u00e9rations solidaires","description":"\u00c0 vous de voter !","potentialAction":[{"@type":"SearchAction","target":{"@type":"EntryPoint","urlTemplate":"https:\/\/siteproxy.ruqli.workers.dev:443\/https\/www.generations-solidaires.be\/?s={search_term_string}"},"query-input":{"@type":"PropertyValueSpecification","valueRequired":true,"valueName":"search_term_string"}}],"inLanguage":"fr-FR"}]}},"_links":{"self":[{"href":"https:\/\/siteproxy.ruqli.workers.dev:443\/https\/www.generations-solidaires.be\/wp-json\/wp\/v2\/pages\/713","targetHints":{"allow":["GET"]}}],"collection":[{"href":"https:\/\/siteproxy.ruqli.workers.dev:443\/https\/www.generations-solidaires.be\/wp-json\/wp\/v2\/pages"}],"about":[{"href":"https:\/\/siteproxy.ruqli.workers.dev:443\/https\/www.generations-solidaires.be\/wp-json\/wp\/v2\/types\/page"}],"author":[{"embeddable":true,"href":"https:\/\/siteproxy.ruqli.workers.dev:443\/https\/www.generations-solidaires.be\/wp-json\/wp\/v2\/users\/1"}],"replies":[{"embeddable":true,"href":"https:\/\/siteproxy.ruqli.workers.dev:443\/https\/www.generations-solidaires.be\/wp-json\/wp\/v2\/comments?post=713"}],"version-history":[{"count":0,"href":"https:\/\/siteproxy.ruqli.workers.dev:443\/https\/www.generations-solidaires.be\/wp-json\/wp\/v2\/pages\/713\/revisions"}],"wp:attachment":[{"href":"https:\/\/siteproxy.ruqli.workers.dev:443\/https\/www.generations-solidaires.be\/wp-json\/wp\/v2\/media?parent=713"}],"curies":[{"name":"wp","href":"https:\/\/siteproxy.ruqli.workers.dev:443\/https\/api.w.org\/{rel}","templated":true}]}}